 {"id":7682,"date":"2019-04-16T10:35:09","date_gmt":"2019-04-16T08:35:09","guid":{"rendered":"http:\/\/ciecina.e-przedszkolak.eu\/?page_id=7682"},"modified":"2019-04-16T10:41:04","modified_gmt":"2019-04-16T08:41:04","slug":"efs","status":"publish","type":"page","link":"https:\/\/ciecina.e-przedszkolak.eu\/archiwum\/efs\/","title":{"rendered":"EFS"},"content":{"rendered":"<h3>Przedszkole r\u00f3wnych szans 2018\/2019<\/h3>\n<p><a href=\"https:\/\/ciecina.e-przedszkolak.eu\/archiwum\/wp-content\/uploads\/2019\/04\/EFS_POZIOM_kolor.jpg\"><img loading=\"lazy\" decoding=\"async\" class=\"aligncenter wp-image-7683 \" src=\"https:\/\/ciecina.e-przedszkolak.eu\/archiwum\/wp-content\/uploads\/2019\/04\/EFS_POZIOM_kolor-1024x100.jpg\" alt=\"\" width=\"488\" height=\"48\" srcset=\"https:\/\/ciecina.e-przedszkolak.eu\/archiwum\/wp-content\/uploads\/2019\/04\/EFS_POZIOM_kolor-1024x100.jpg 1024w, https:\/\/ciecina.e-przedszkolak.eu\/archiwum\/wp-content\/uploads\/2019\/04\/EFS_POZIOM_kolor-300x29.jpg 300w, https:\/\/ciecina.e-przedszkolak.eu\/archiwum\/wp-content\/uploads\/2019\/04\/EFS_POZIOM_kolor-768x75.jpg 768w, https:\/\/ciecina.e-przedszkolak.eu\/archiwum\/wp-content\/uploads\/2019\/04\/EFS_POZIOM_kolor.jpg 1298w\" sizes=\"(max-width: 488px) 100vw, 488px\" \/><\/a><\/p>\n<p>&nbsp;<\/p>\n<p>Tytu\u0142:&nbsp;<strong>PRZEDSZKOLE R\u00d3WNYCH SZANS&nbsp;<\/strong><\/p>\n<p style=\"text-align: justify;\">Beneficjent: Gmina W\u0119gierska G\u00f3rka<\/p>\n<p style=\"text-align: justify;\">Realizator: Publiczne Przedszkole w Ci\u0119cinie<\/p>\n<p style=\"text-align: justify;\">Okres realizacji projektu: 01.09.2018 r. -31.08.2019 r.<\/p>\n<p style=\"text-align: justify;\">Ca\u0142kowita warto\u015b\u0107 projektu:&nbsp;230 063,75 z\u0142<\/p>\n<p style=\"text-align: justify;\">Dofinansowanie:&nbsp;195 554,19 z\u0142<\/p>\n<p style=\"text-align: justify;\">Celem jest poprawa jako\u015bci us\u0142ug \u015bwiadczonych w Przedszkolu Publicznym w Ci\u0119cinie poprzez zwi\u0119kszenie dost\u0119pu do edukacji przedszkolnej dla 22 uczestnik\u00f3w projektu oraz&nbsp; wyr\u00f3wnywanie szans dzieci ze specjalnymi potrzebami.&nbsp;<\/p>\n<p style=\"text-align: justify;\">Za\u0142o\u017ceniem projektu jest obj\u0119cie wsparciem \u0142\u0105cznie 142 uczestnik\u00f3w (72K,70M) oraz udoskonalenie procesu wychowania poprzez&nbsp; wdro\u017ceniu kompleksowych dzia\u0142a\u0144 dydaktycznych i organizacyjnych wzbogacaj\u0105cych zakres i jako\u015b\u0107 oferty edukacyjnej na rzecz dzieci w wieku 3-6 lat.<\/p>\n<p style=\"text-align: justify;\">Dzia\u0142aniami jakie s\u0105 realizowane w ramach projektu to:<\/p>\n<ul>\n<li style=\"text-align: justify;\">zaj\u0119cia wspomagaj\u0105ce usprawnianie aparatu artykulacyjnego i kszta\u0142tuj\u0105ce s\u0142uch fonemowy,<\/li>\n<li style=\"text-align: justify;\">zaj\u0119cia \u201eINTEGRACJA \u2013EMPATIA -KOMUNIKACJA\u201d, trening kompetencji spo\u0142ecznych,<\/li>\n<li style=\"text-align: justify;\">zaj\u0119ci z gimnastyki korekcyjno &#8211; kompensacyjnej.<\/li>\n<\/ul>\n<p>&nbsp;<\/p>\n<p><strong><a href=\"http:\/\/www.wegierska-gorka.pl\/uploaded\/EFS\/RPS%202018%202019\/Regulamin%20rekrutacji%20PRS.pdf\" target=\"_blank\" rel=\"noopener\">Regulamin<\/a><\/strong><\/p>\n<p><strong><a href=\"http:\/\/www.wegierska-gorka.pl\/uploaded\/EFS\/RPS%202018%202019\/formularz%20zgoszeniowy.pdf\" target=\"_blank\" rel=\"noopener\">Formularz zg\u0142oszeniowy<\/a><\/strong><\/p>\n<p>__________________________________________________________________<\/p>\n<p style=\"text-align: justify;\" align=\"center\"><em>Projekt&nbsp;<\/em><em>o nr RPSL.11.01.03-24-06FD\/1 wsp\u00f3\u0142finansowany jest ze \u015brodk\u00f3w Europejskiego Funduszu Spo\u0142ecznego&nbsp; w ramach Regionalnego Programu Operacyjnego Wojew\u00f3dztwa \u015al\u0105skiego na lata 2014-2020 dla osi priorytetowej: XI. Wzmocnienie potencja\u0142u edukacyjnego&nbsp; dla dzia\u0142ania: 11.1. Ograniczenie przedwczesnego ko\u0144czenia nauki szkolnej oraz zapewnienie r\u00f3wnego dost\u0119pu do dobrej jako\u015bci edukacji elementarnej, kszta\u0142cenia podstawowego i \u015bredniego&nbsp; dla poddzia\u0142ania: 11.1.3. Wzrost upowszechnienia wysokiej jako\u015bci edukacji przedszkolnej \u2013 Konkurs.<\/em><\/p>\n","protected":false},"excerpt":{"rendered":"<p>Przedszkole r\u00f3wnych szans 2018\/2019 &nbsp; Tytu\u0142:&nbsp;PRZEDSZKOLE R\u00d3WNYCH SZANS&nbsp; Beneficjent: Gmina W\u0119gierska G\u00f3rka Realizator: Publiczne Przedszkole w Ci\u0119cinie Okres realizacji projektu: 01.09.2018 r. -31.08.2019 r. Ca\u0142kowita warto\u015b\u0107 projektu:&nbsp;230 063,75 z\u0142 Dofinansowanie:&nbsp;195 554,19 z\u0142 Celem jest poprawa jako\u015bci us\u0142ug \u015bwiadczonych w Przedszkolu Publicznym w Ci\u0119cinie poprzez zwi\u0119kszenie dost\u0119pu do edukacji przedszkolnej dla 22 uczestnik\u00f3w projektu oraz&nbsp; wyr\u00f3wnywanie [&hellip;]<\/p>\n","protected":false},"author":2,"featured_media":0,"parent":0,"menu_order":0,"comment_status":"closed","ping_status":"closed","template":"","meta":{"ngg_post_thumbnail":0,"footnotes":""},"class_list":["post-7682","page","type-page","status-publish","hentry"],"jetpack_sharing_enabled":true,"_links":{"self":[{"href":"https:\/\/ciecina.e-przedszkolak.eu\/archiwum\/wp-json\/wp\/v2\/pages\/7682"}],"collection":[{"href":"https:\/\/ciecina.e-przedszkolak.eu\/archiwum\/wp-json\/wp\/v2\/pages"}],"about":[{"href":"https:\/\/ciecina.e-przedszkolak.eu\/archiwum\/wp-json\/wp\/v2\/types\/page"}],"author":[{"embeddable":true,"href":"https:\/\/ciecina.e-przedszkolak.eu\/archiwum\/wp-json\/wp\/v2\/users\/2"}],"replies":[{"embeddable":true,"href":"https:\/\/ciecina.e-przedszkolak.eu\/archiwum\/wp-json\/wp\/v2\/comments?post=7682"}],"version-history":[{"count":9,"href":"https:\/\/ciecina.e-przedszkolak.eu\/archiwum\/wp-json\/wp\/v2\/pages\/7682\/revisions"}],"predecessor-version":[{"id":7693,"href":"https:\/\/ciecina.e-przedszkolak.eu\/archiwum\/wp-json\/wp\/v2\/pages\/7682\/revisions\/7693"}],"wp:attachment":[{"href":"https:\/\/ciecina.e-przedszkolak.eu\/archiwum\/wp-json\/wp\/v2\/media?parent=7682"}],"curies":[{"name":"wp","href":"https:\/\/api.w.org\/{rel}","templated":true}]}}